{"id":7775,"date":"2026-03-07T15:11:01","date_gmt":"2026-03-07T15:11:01","guid":{"rendered":"https:\/\/voshaaroutdoor.com\/?page_id=7775"},"modified":"2026-04-09T07:06:27","modified_gmt":"2026-04-09T07:06:27","slug":"zuid-europa-special","status":"publish","type":"page","link":"https:\/\/voshaaroutdoor.com\/fr\/zuid-europa-special\/","title":{"rendered":"Sp\u00e9cial Europe du Sud"},"content":{"rendered":"<div class=\"wpb-content-wrapper\"><div class=\"vc_row wpb_row vc_row-fluid\" ><div class=\"wpb_column vc_column_container vc_col-sm-12\"><div class=\"vc_column-inner\"><div class=\"wpb_wrapper\">\n\t<div  class=\"wpb_single_image wpb_content_element vc_align_center wpb_content_element\">\n\t\t\n\t\t<figure class=\"wpb_wrapper vc_figure\">\n\t\t\t<div class=\"vc_single_image-wrapper   vc_box_border_grey\"><img loading=\"lazy\" decoding=\"async\" width=\"819\" height=\"1024\" src=\"https:\/\/voshaaroutdoor.com\/wp-content\/uploads\/2026\/03\/Zuid-Europa-819x1024.jpeg\" class=\"vc_single_image-img attachment-large\" alt=\"\" title=\"Europe du Sud\" srcset=\"https:\/\/voshaaroutdoor.com\/wp-content\/uploads\/2026\/03\/Zuid-Europa-819x1024.jpeg 819w, https:\/\/voshaaroutdoor.com\/wp-content\/uploads\/2026\/03\/Zuid-Europa-240x300.jpeg 240w, https:\/\/voshaaroutdoor.com\/wp-content\/uploads\/2026\/03\/Zuid-Europa-768x960.jpeg 768w, https:\/\/voshaaroutdoor.com\/wp-content\/uploads\/2026\/03\/Zuid-Europa-1229x1536.jpeg 1229w, https:\/\/voshaaroutdoor.com\/wp-content\/uploads\/2026\/03\/Zuid-Europa-1638x2048.jpeg 1638w, https:\/\/voshaaroutdoor.com\/wp-content\/uploads\/2026\/03\/Zuid-Europa-10x12.jpeg 10w\" sizes=\"auto, (max-width: 819px) 100vw, 819px\" \/><\/div>\n\t\t<\/figure>\n\t<\/div>\n<div class=\"vc_empty_space\"   style=\"height: 32px\"><span class=\"vc_empty_space_inner\"><\/span><\/div><\/div><\/div><\/div><\/div><div class=\"vc_row wpb_row vc_row-fluid\" ><div class=\"wpb_column vc_column_container vc_col-sm-12\"><div class=\"vc_column-inner\"><div class=\"wpb_wrapper\">\n\t<div class=\"wpb_text_column wpb_content_element\" >\n\t\t<div class=\"wpb_wrapper\">\n\t\t\t<p style=\"text-align: center;\">Vous souhaitez en savoir plus, beaucoup plus, sur la nature de l&#039;Europe du Sud ?<br \/>\nAlors ce cours est fait pour vous.<br \/>\nNous vous emmenons dans les plus belles r\u00e9gions du sud de la France et de l&#039;Espagne.<br \/>\nLes r\u00e9gions que nous visitons comprennent le Vercors, la Provence, les Pyr\u00e9n\u00e9es, les Asturies, la Castille et Le\u00f3n, l&#039;Aragon et l&#039;Estr\u00e9madure.<br \/>\nL&#039;Europe du Sud jouit d&#039;une riche biodiversit\u00e9. La France et l&#039;Espagne figurent parmi les pays les plus riches en rapaces d&#039;Europe, et l&#039;on y trouve \u00e9galement de grands mammif\u00e8res tels que l&#039;ours brun, le loup, le chamois, le cerf \u00e9laphe, le chevreuil, le daim, le sanglier, le lynx ib\u00e9rique et le bouquetin.<br \/>\nLa flore des montagnes et des plaines est tr\u00e8s particuli\u00e8re, sans oublier les nombreuses esp\u00e8ces de reptiles et d&#039;amphibiens.<br \/>\nUn tout nouveau monde s&#039;ouvrira \u00e0 vous !<br \/>\nCe stage n&#039;est pas physiquement exigeant\u00a0; il vise \u00e0 d\u00e9couvrir la nature, \u00e0 vivre des exp\u00e9riences uniques et \u00e0 apprendre \u00e0 identifier les esp\u00e8ces. Lors des randonn\u00e9es, nous prendrons le temps de nous d\u00e9tendre et de profiter pleinement du moment. Nous visiterons \u00e9galement les charmants villages et terrasses si caract\u00e9ristiques de cette r\u00e9gion. En \u00e9t\u00e9, il fait souvent chaud en milieu de journ\u00e9e\u00a0; une pause rafra\u00eechissante \u00e0 l&#039;ombre est donc toujours la bienvenue.<br \/>\nNaturellement, nous travaillons en collaboration avec des sp\u00e9cialistes locaux.<\/p>\n\n\t\t<\/div>\n\t<\/div>\n<div class=\"vc_empty_space\"   style=\"height: 32px\"><span class=\"vc_empty_space_inner\"><\/span><\/div><\/div><\/div><\/div><\/div><div class=\"vc_row wpb_row vc_row-fluid\" ><div class=\"wpb_column vc_column_container vc_col-sm-12\"><div class=\"vc_column-inner\"><div class=\"wpb_wrapper\">\n\t<div  class=\"wpb_single_image wpb_content_element vc_align_center wpb_content_element\">\n\t\t\n\t\t<figure class=\"wpb_wrapper vc_figure\">\n\t\t\t<div class=\"vc_single_image-wrapper   vc_box_border_grey\"><img loading=\"lazy\" decoding=\"async\" width=\"1024\" height=\"1024\" src=\"https:\/\/voshaaroutdoor.com\/wp-content\/uploads\/2026\/03\/527981154_18286767646253451_5998049121821369512_n-1024x1024.jpeg\" class=\"vc_single_image-img attachment-large\" alt=\"\" title=\"527981154_18286767646253451_5998049121821369512_n\" srcset=\"https:\/\/voshaaroutdoor.com\/wp-content\/uploads\/2026\/03\/527981154_18286767646253451_5998049121821369512_n-1024x1024.jpeg 1024w, https:\/\/voshaaroutdoor.com\/wp-content\/uploads\/2026\/03\/527981154_18286767646253451_5998049121821369512_n-300x300.jpeg 300w, https:\/\/voshaaroutdoor.com\/wp-content\/uploads\/2026\/03\/527981154_18286767646253451_5998049121821369512_n-150x150.jpeg 150w, https:\/\/voshaaroutdoor.com\/wp-content\/uploads\/2026\/03\/527981154_18286767646253451_5998049121821369512_n-768x768.jpeg 768w, https:\/\/voshaaroutdoor.com\/wp-content\/uploads\/2026\/03\/527981154_18286767646253451_5998049121821369512_n-12x12.jpeg 12w, https:\/\/voshaaroutdoor.com\/wp-content\/uploads\/2026\/03\/527981154_18286767646253451_5998049121821369512_n-650x650.jpeg 650w, https:\/\/voshaaroutdoor.com\/wp-content\/uploads\/2026\/03\/527981154_18286767646253451_5998049121821369512_n-1300x1300.jpeg 1300w, https:\/\/voshaaroutdoor.com\/wp-content\/uploads\/2026\/03\/527981154_18286767646253451_5998049121821369512_n.jpeg 1440w\" sizes=\"auto, (max-width: 1024px) 100vw, 1024px\" \/><\/div>\n\t\t<\/figure>\n\t<\/div>\n<div class=\"vc_empty_space\"   style=\"height: 32px\"><span class=\"vc_empty_space_inner\"><\/span><\/div><\/div><\/div><\/div><\/div><div class=\"vc_row wpb_row vc_row-fluid\" ><div class=\"wpb_column vc_column_container vc_col-sm-12\"><div class=\"vc_column-inner\"><div class=\"wpb_wrapper\">\n\t<div class=\"wpb_text_column wpb_content_element\" >\n\t\t<div class=\"wpb_wrapper\">\n\t\t\t<p style=\"text-align: center;\">Ce stage convient \u00e0 tous ceux qui aiment l&#039;Europe du Sud et la nature.<br \/>\n\u00cates-vous simplement un passionn\u00e9 ou souhaitez-vous utiliser ce cours comme guide dans le cadre de votre travail, par exemple\u00a0? Alors ce cours est fait pour vous.<\/p>\n<p style=\"text-align: center;\">\u00c0 la recherche d&#039;ours et de loups dans les Asturies, d&#039;oiseaux de proie et du lynx ib\u00e9rique en Estr\u00e9madure, de la flore, des papillons, des bouquetins, des chamois et des vautours dans le Vercors, en Provence et dans les Pyr\u00e9n\u00e9es, ou encore \u00e0 l&#039;exploration des semi-d\u00e9serts de Castille-et-Le\u00f3n et d&#039;Aragon, \u00e0 la recherche d&#039;oiseaux, de serpents et de l\u00e9zards.<br \/>\nUn programme de cours en ligne ax\u00e9 sur les esp\u00e8ces d&#039;Europe du Sud est inclus.<br \/>\nCe cours vous donne \u00e9galement des conseils sur les meilleurs endroits pour observer la faune sauvage en Europe du Sud et sur les plus belles randonn\u00e9es en France et en Espagne.<br \/>\nNous visitons l&#039;Europe du Sud depuis les ann\u00e9es 1970 et connaissons, entre autres, les meilleurs endroits pour observer les oiseaux et les mammif\u00e8res.<br \/>\nCes cours sont disponibles \u00e0 partir de 2026-2027.<br \/>\nLes voyages durent de 5 \u00e0 10 jours et il est parfois possible de combiner plusieurs voyages en un seul ou une seule p\u00e9riode.<\/p>\n<p style=\"text-align: center;\">Vous disposez de deux ans \u00e0 compter de la date de votre premier voyage \u00e0 l&#039;\u00e9tranger pour terminer la formation. Vous pouvez vous inscrire \u00e0 tout moment. D\u00e8s votre inscription, vous aurez acc\u00e8s aux supports de cours en ligne.<\/p>\n<p style=\"text-align: center;\">Vous pouvez r\u00e9partir vos voyages internationaux sur deux ans et choisir le voyage et les dates, en fonction des disponibilit\u00e9s. Vous pouvez \u00e9galement effectuer deux fois le m\u00eame voyage. Vous \u00eates passionn\u00e9 par les rapaces\u00a0? Vous pourriez alors faire deux voyages en Estr\u00e9madure, par exemple.<\/p>\n<p style=\"text-align: center;\">Dur\u00e9e du stage : Minimum 20 jours de stage en France et en Espagne, r\u00e9partis sur plusieurs voyages de votre choix.<\/p>\n<p style=\"text-align: center;\">Le cours se conclura par un examen th\u00e9orique en ligne sur les connaissances des esp\u00e8ces si vous souhaitez obtenir le certificat de sp\u00e9cialisation Europe du Nord et du Sud-Ouest. Cet examen n&#039;est pas obligatoire, bien entendu. Vous pouvez \u00e9galement participer simplement pour acqu\u00e9rir des connaissances et de l&#039;exp\u00e9rience.<\/p>\n\n\t\t<\/div>\n\t<\/div>\n<div class=\"vc_empty_space\"   style=\"height: 32px\"><span class=\"vc_empty_space_inner\"><\/span><\/div><\/div><\/div><\/div><\/div><div class=\"vc_row wpb_row vc_row-fluid\" ><div class=\"wpb_column vc_column_container vc_col-sm-12\"><div class=\"vc_column-inner\"><div class=\"wpb_wrapper\">\n\t<div  class=\"wpb_single_image wpb_content_element vc_align_center wpb_content_element\">\n\t\t\n\t\t<figure class=\"wpb_wrapper vc_figure\">\n\t\t\t<div class=\"vc_single_image-wrapper   vc_box_border_grey\"><img loading=\"lazy\" decoding=\"async\" width=\"879\" height=\"380\" src=\"https:\/\/voshaaroutdoor.com\/wp-content\/uploads\/2026\/03\/283540778_415385210593771_3276460483903211780_n-2.jpg\" class=\"vc_single_image-img attachment-large\" alt=\"\" title=\"283540778_415385210593771_3276460483903211780_n (2)\" srcset=\"https:\/\/voshaaroutdoor.com\/wp-content\/uploads\/2026\/03\/283540778_415385210593771_3276460483903211780_n-2.jpg 879w, https:\/\/voshaaroutdoor.com\/wp-content\/uploads\/2026\/03\/283540778_415385210593771_3276460483903211780_n-2-300x130.jpg 300w, https:\/\/voshaaroutdoor.com\/wp-content\/uploads\/2026\/03\/283540778_415385210593771_3276460483903211780_n-2-768x332.jpg 768w, https:\/\/voshaaroutdoor.com\/wp-content\/uploads\/2026\/03\/283540778_415385210593771_3276460483903211780_n-2-18x8.jpg 18w\" sizes=\"auto, (max-width: 879px) 100vw, 879px\" \/><\/div>\n\t\t<\/figure>\n\t<\/div>\n<div class=\"vc_empty_space\"   style=\"height: 32px\"><span class=\"vc_empty_space_inner\"><\/span><\/div><\/div><\/div><\/div><\/div><div class=\"vc_row wpb_row vc_row-fluid\" ><div class=\"wpb_column vc_column_container vc_col-sm-12\"><div class=\"vc_column-inner\"><div class=\"wpb_wrapper\"><div class=\"vc_btn3-container vc_btn3-center vc_do_btn\" ><a class=\"vc_general vc_btn3 vc_btn3-size-md vc_btn3-shape-rounded vc_btn3-style-modern vc_btn3-color-danger\" href=\"https:\/\/www.formfinch.com\/server\/1516932724\" title=\"\" target=\"_blank\">s&#039;inscrire<\/a><\/div><div class=\"vc_empty_space\"   style=\"height: 32px\"><span class=\"vc_empty_space_inner\"><\/span><\/div><\/div><\/div><\/div><\/div><div class=\"vc_row wpb_row vc_row-fluid\" ><div class=\"wpb_column vc_column_container vc_col-sm-12\"><div class=\"vc_column-inner\"><div class=\"wpb_wrapper\"><div class=\"vc_btn3-container vc_btn3-center vc_do_btn\" ><a class=\"vc_general vc_btn3 vc_btn3-size-md vc_btn3-shape-rounded vc_btn3-style-modern vc_btn3-color-grey\" href=\"https:\/\/voshaaroutdoor.com\/fr\/login-roofvogels\/\" title=\"Connexion : Oiseaux de proie\" target=\"_blank\">Connexion : Oiseaux de proie<\/a><\/div><div class=\"vc_empty_space\"   style=\"height: 32px\"><span class=\"vc_empty_space_inner\"><\/span><\/div><\/div><\/div><\/div><\/div><div class=\"vc_row wpb_row vc_row-fluid\" ><div class=\"wpb_column vc_column_container vc_col-sm-12\"><div class=\"vc_column-inner\"><div class=\"wpb_wrapper\"><div class=\"vc_btn3-container vc_btn3-center vc_do_btn\" ><button class=\"vc_general vc_btn3 vc_btn3-size-md vc_btn3-shape-rounded vc_btn3-style-modern vc_btn3-color-grey\">Connexion : Europe du Sud bient\u00f4t disponible<\/button><\/div><\/div><\/div><\/div><\/div><div class=\"vc_row wpb_row vc_row-fluid\" ><div class=\"wpb_column vc_column_container vc_col-sm-12\"><div class=\"vc_column-inner\"><div class=\"wpb_wrapper\"><div class=\"vc_empty_space\"   style=\"height: 32px\"><span class=\"vc_empty_space_inner\"><\/span><\/div><\/div><\/div><\/div><\/div>\n<\/div>","protected":false},"excerpt":{"rendered":"Wil je meer, veel meer, weten over de natuur van Zuid Europa? Dan is deze cursus wat voor jou. We nemen je mee naar de mooiste gebieden van Zuid Frankrijk en Spanje. Gebieden die we bezoeken zijn o.a. de Vercors, de Provence, de Pyrenee\u00ebn, Asturias, Castilla y Le\u00f3n, Aragon en de Extremadura. Zuid Europa heeft een grote soortenrijkdom. Frankrijk en Spanje zijn de beste (roof)vogellanden van Europa en ook grote zoogdieren als de bruine beer, de wolf, gems, edelhert, ree, damhert, wild zwijn, (Iberische) Lynx en steenbok komen er voor. De flora van zowel het gebergtes als de vlaktes is heel speciaal en vergeet niet de vele soorten reptielen en amfibie\u00ebn. Er gaat een wereld voor je open! De cursus is fysiek niet zwaar, het gaat om dingen zien, beleven en soorten leren herkennen. Tijdens de wandelingen die we maken nemen we de tijd om te genieten. Er wordt ook [...]","protected":false},"author":4,"featured_media":7776,"parent":0,"menu_order":0,"comment_status":"closed","ping_status":"closed","template":"","meta":{"footnotes":""},"class_list":["post-7775","page","type-page","status-publish","has-post-thumbnail","hentry"],"yoast_head":"<!-- This site is optimized with the Yoast SEO plugin v27.5 - https:\/\/yoast.com\/product\/yoast-seo-wordpress\/ -->\n<title>Zuid Europa Special - VoshaarOutdoor.com<\/title>\n<meta name=\"robots\" content=\"index, follow, max-snippet:-1, max-image-preview:large, max-video-preview:-1\" \/>\n<link rel=\"canonical\" href=\"https:\/\/voshaaroutdoor.com\/fr\/zuid-europa-special\/\" \/>\n<meta property=\"og:locale\" content=\"fr_FR\" \/>\n<meta property=\"og:type\" content=\"article\" \/>\n<meta property=\"og:title\" content=\"Zuid Europa Special\" \/>\n<meta property=\"og:description\" content=\"Fauna en Flora in Zuid Europa\" \/>\n<meta property=\"og:url\" content=\"https:\/\/voshaaroutdoor.com\/fr\/zuid-europa-special\/\" \/>\n<meta property=\"og:site_name\" content=\"VoshaarOutdoor.com\" \/>\n<meta property=\"article:publisher\" content=\"https:\/\/www.facebook.com\/VoshaarOutdoorandEducation\" \/>\n<meta property=\"article:modified_time\" content=\"2026-04-09T07:06:27+00:00\" \/>\n<meta property=\"og:image\" content=\"https:\/\/voshaaroutdoor.com\/wp-content\/uploads\/2026\/03\/Z-Europa-FB-scaled.jpeg\" \/>\n\t<meta property=\"og:image:width\" content=\"2560\" \/>\n\t<meta property=\"og:image:height\" content=\"1440\" \/>\n\t<meta property=\"og:image:type\" content=\"image\/jpeg\" \/>\n<meta name=\"twitter:card\" content=\"summary_large_image\" \/>\n<meta name=\"twitter:label1\" content=\"Dur\u00e9e de lecture estim\u00e9e\" \/>\n\t<meta name=\"twitter:data1\" content=\"4 minutes\" \/>\n<script type=\"application\/ld+json\" class=\"yoast-schema-graph\">{\"@context\":\"https:\\\/\\\/schema.org\",\"@graph\":[{\"@type\":\"WebPage\",\"@id\":\"https:\\\/\\\/voshaaroutdoor.com\\\/zuid-europa-special\\\/\",\"url\":\"https:\\\/\\\/voshaaroutdoor.com\\\/zuid-europa-special\\\/\",\"name\":\"Zuid Europa Special - VoshaarOutdoor.com\",\"isPartOf\":{\"@id\":\"https:\\\/\\\/voshaaroutdoor.com\\\/#website\"},\"primaryImageOfPage\":{\"@id\":\"https:\\\/\\\/voshaaroutdoor.com\\\/zuid-europa-special\\\/#primaryimage\"},\"image\":{\"@id\":\"https:\\\/\\\/voshaaroutdoor.com\\\/zuid-europa-special\\\/#primaryimage\"},\"thumbnailUrl\":\"https:\\\/\\\/voshaaroutdoor.com\\\/wp-content\\\/uploads\\\/2026\\\/03\\\/Z-Europa-FB-scaled.jpeg\",\"datePublished\":\"2026-03-07T15:11:01+00:00\",\"dateModified\":\"2026-04-09T07:06:27+00:00\",\"breadcrumb\":{\"@id\":\"https:\\\/\\\/voshaaroutdoor.com\\\/zuid-europa-special\\\/#breadcrumb\"},\"inLanguage\":\"fr-FR\",\"potentialAction\":[{\"@type\":\"ReadAction\",\"target\":[\"https:\\\/\\\/voshaaroutdoor.com\\\/zuid-europa-special\\\/\"]}]},{\"@type\":\"ImageObject\",\"inLanguage\":\"fr-FR\",\"@id\":\"https:\\\/\\\/voshaaroutdoor.com\\\/zuid-europa-special\\\/#primaryimage\",\"url\":\"https:\\\/\\\/voshaaroutdoor.com\\\/wp-content\\\/uploads\\\/2026\\\/03\\\/Z-Europa-FB-scaled.jpeg\",\"contentUrl\":\"https:\\\/\\\/voshaaroutdoor.com\\\/wp-content\\\/uploads\\\/2026\\\/03\\\/Z-Europa-FB-scaled.jpeg\",\"width\":2560,\"height\":1440},{\"@type\":\"BreadcrumbList\",\"@id\":\"https:\\\/\\\/voshaaroutdoor.com\\\/zuid-europa-special\\\/#breadcrumb\",\"itemListElement\":[{\"@type\":\"ListItem\",\"position\":1,\"name\":\"Home\",\"item\":\"https:\\\/\\\/voshaaroutdoor.com\\\/\"},{\"@type\":\"ListItem\",\"position\":2,\"name\":\"Zuid Europa Special\"}]},{\"@type\":\"WebSite\",\"@id\":\"https:\\\/\\\/voshaaroutdoor.com\\\/#website\",\"url\":\"https:\\\/\\\/voshaaroutdoor.com\\\/\",\"name\":\"VoshaarOutdoor.com\",\"description\":\"Voshaar Outdoor &amp; Education - Trainingen, cursussen en opleidingen\",\"publisher\":{\"@id\":\"https:\\\/\\\/voshaaroutdoor.com\\\/#organization\"},\"potentialAction\":[{\"@type\":\"SearchAction\",\"target\":{\"@type\":\"EntryPoint\",\"urlTemplate\":\"https:\\\/\\\/voshaaroutdoor.com\\\/?s={search_term_string}\"},\"query-input\":{\"@type\":\"PropertyValueSpecification\",\"valueRequired\":true,\"valueName\":\"search_term_string\"}}],\"inLanguage\":\"fr-FR\"},{\"@type\":\"Organization\",\"@id\":\"https:\\\/\\\/voshaaroutdoor.com\\\/#organization\",\"name\":\"Voshaar Outdoor & Education\",\"url\":\"https:\\\/\\\/voshaaroutdoor.com\\\/\",\"logo\":{\"@type\":\"ImageObject\",\"inLanguage\":\"fr-FR\",\"@id\":\"https:\\\/\\\/voshaaroutdoor.com\\\/#\\\/schema\\\/logo\\\/image\\\/\",\"url\":\"https:\\\/\\\/voshaaroutdoor.com\\\/wp-content\\\/uploads\\\/2021\\\/11\\\/cropped-nieuwe-logo-rood.png\",\"contentUrl\":\"https:\\\/\\\/voshaaroutdoor.com\\\/wp-content\\\/uploads\\\/2021\\\/11\\\/cropped-nieuwe-logo-rood.png\",\"width\":512,\"height\":512,\"caption\":\"Voshaar Outdoor & Education\"},\"image\":{\"@id\":\"https:\\\/\\\/voshaaroutdoor.com\\\/#\\\/schema\\\/logo\\\/image\\\/\"},\"sameAs\":[\"https:\\\/\\\/www.facebook.com\\\/VoshaarOutdoorandEducation\",\"https:\\\/\\\/www.instagram.com\\\/voshaaroutdoorandeducation\\\/\"]}]}<\/script>\n<!-- \/ Yoast SEO plugin. -->","yoast_head_json":{"title":"Zuid Europa Special - VoshaarOutdoor.com","robots":{"index":"index","follow":"follow","max-snippet":"max-snippet:-1","max-image-preview":"max-image-preview:large","max-video-preview":"max-video-preview:-1"},"canonical":"https:\/\/voshaaroutdoor.com\/fr\/zuid-europa-special\/","og_locale":"fr_FR","og_type":"article","og_title":"Zuid Europa Special","og_description":"Fauna en Flora in Zuid Europa","og_url":"https:\/\/voshaaroutdoor.com\/fr\/zuid-europa-special\/","og_site_name":"VoshaarOutdoor.com","article_publisher":"https:\/\/www.facebook.com\/VoshaarOutdoorandEducation","article_modified_time":"2026-04-09T07:06:27+00:00","og_image":[{"width":2560,"height":1440,"url":"https:\/\/voshaaroutdoor.com\/wp-content\/uploads\/2026\/03\/Z-Europa-FB-scaled.jpeg","type":"image\/jpeg"}],"twitter_card":"summary_large_image","twitter_misc":{"Dur\u00e9e de lecture estim\u00e9e":"4 minutes"},"schema":{"@context":"https:\/\/schema.org","@graph":[{"@type":"WebPage","@id":"https:\/\/voshaaroutdoor.com\/zuid-europa-special\/","url":"https:\/\/voshaaroutdoor.com\/zuid-europa-special\/","name":"Zuid Europa Special - VoshaarOutdoor.com","isPartOf":{"@id":"https:\/\/voshaaroutdoor.com\/#website"},"primaryImageOfPage":{"@id":"https:\/\/voshaaroutdoor.com\/zuid-europa-special\/#primaryimage"},"image":{"@id":"https:\/\/voshaaroutdoor.com\/zuid-europa-special\/#primaryimage"},"thumbnailUrl":"https:\/\/voshaaroutdoor.com\/wp-content\/uploads\/2026\/03\/Z-Europa-FB-scaled.jpeg","datePublished":"2026-03-07T15:11:01+00:00","dateModified":"2026-04-09T07:06:27+00:00","breadcrumb":{"@id":"https:\/\/voshaaroutdoor.com\/zuid-europa-special\/#breadcrumb"},"inLanguage":"fr-FR","potentialAction":[{"@type":"ReadAction","target":["https:\/\/voshaaroutdoor.com\/zuid-europa-special\/"]}]},{"@type":"ImageObject","inLanguage":"fr-FR","@id":"https:\/\/voshaaroutdoor.com\/zuid-europa-special\/#primaryimage","url":"https:\/\/voshaaroutdoor.com\/wp-content\/uploads\/2026\/03\/Z-Europa-FB-scaled.jpeg","contentUrl":"https:\/\/voshaaroutdoor.com\/wp-content\/uploads\/2026\/03\/Z-Europa-FB-scaled.jpeg","width":2560,"height":1440},{"@type":"BreadcrumbList","@id":"https:\/\/voshaaroutdoor.com\/zuid-europa-special\/#breadcrumb","itemListElement":[{"@type":"ListItem","position":1,"name":"Home","item":"https:\/\/voshaaroutdoor.com\/"},{"@type":"ListItem","position":2,"name":"Zuid Europa Special"}]},{"@type":"WebSite","@id":"https:\/\/voshaaroutdoor.com\/#website","url":"https:\/\/voshaaroutdoor.com\/","name":"VoshaarOutdoor.com","description":"Voshaar Outdoor &amp; Education - Formations, cours et \u00e9ducation","publisher":{"@id":"https:\/\/voshaaroutdoor.com\/#organization"},"potentialAction":[{"@type":"SearchAction","target":{"@type":"EntryPoint","urlTemplate":"https:\/\/voshaaroutdoor.com\/?s={search_term_string}"},"query-input":{"@type":"PropertyValueSpecification","valueRequired":true,"valueName":"search_term_string"}}],"inLanguage":"fr-FR"},{"@type":"Organization","@id":"https:\/\/voshaaroutdoor.com\/#organization","name":"Voshaar Plein air et \u00e9ducation","url":"https:\/\/voshaaroutdoor.com\/","logo":{"@type":"ImageObject","inLanguage":"fr-FR","@id":"https:\/\/voshaaroutdoor.com\/#\/schema\/logo\/image\/","url":"https:\/\/voshaaroutdoor.com\/wp-content\/uploads\/2021\/11\/cropped-nieuwe-logo-rood.png","contentUrl":"https:\/\/voshaaroutdoor.com\/wp-content\/uploads\/2021\/11\/cropped-nieuwe-logo-rood.png","width":512,"height":512,"caption":"Voshaar Outdoor & Education"},"image":{"@id":"https:\/\/voshaaroutdoor.com\/#\/schema\/logo\/image\/"},"sameAs":["https:\/\/www.facebook.com\/VoshaarOutdoorandEducation","https:\/\/www.instagram.com\/voshaaroutdoorandeducation\/"]}]}},"_links":{"self":[{"href":"https:\/\/voshaaroutdoor.com\/fr\/wp-json\/wp\/v2\/pages\/7775","targetHints":{"allow":["GET"]}}],"collection":[{"href":"https:\/\/voshaaroutdoor.com\/fr\/wp-json\/wp\/v2\/pages"}],"about":[{"href":"https:\/\/voshaaroutdoor.com\/fr\/wp-json\/wp\/v2\/types\/page"}],"author":[{"embeddable":true,"href":"https:\/\/voshaaroutdoor.com\/fr\/wp-json\/wp\/v2\/users\/4"}],"replies":[{"embeddable":true,"href":"https:\/\/voshaaroutdoor.com\/fr\/wp-json\/wp\/v2\/comments?post=7775"}],"version-history":[{"count":6,"href":"https:\/\/voshaaroutdoor.com\/fr\/wp-json\/wp\/v2\/pages\/7775\/revisions"}],"predecessor-version":[{"id":8344,"href":"https:\/\/voshaaroutdoor.com\/fr\/wp-json\/wp\/v2\/pages\/7775\/revisions\/8344"}],"wp:featuredmedia":[{"embeddable":true,"href":"https:\/\/voshaaroutdoor.com\/fr\/wp-json\/wp\/v2\/media\/7776"}],"wp:attachment":[{"href":"https:\/\/voshaaroutdoor.com\/fr\/wp-json\/wp\/v2\/media?parent=7775"}],"curies":[{"name":"wp","href":"https:\/\/api.w.org\/{rel}","templated":true}]}}