{"id":437,"date":"2013-08-16T09:11:34","date_gmt":"2013-08-16T09:11:34","guid":{"rendered":"http:\/\/voshaaroutdoor.com\/?page_id=437"},"modified":"2026-03-24T19:37:47","modified_gmt":"2026-03-24T19:37:47","slug":"gerrit-kluivers-memorial","status":"publish","type":"page","link":"https:\/\/voshaaroutdoor.com\/fr\/gerrit-kluivers-memorial\/","title":{"rendered":"M\u00e9morial Gerrit Kluivers"},"content":{"rendered":"<div class=\"wpb-content-wrapper\"><div class=\"vc_row wpb_row vc_row-fluid\" ><div class=\"wpb_column vc_column_container vc_col-sm-12\"><div class=\"vc_column-inner\"><div class=\"wpb_wrapper\">\n\t<div class=\"wpb_text_column wpb_content_element\" >\n\t\t<div class=\"wpb_wrapper\">\n\t\t\t<p><strong>M\u00e9morial Gerrit Kluivers<br \/>\n<\/strong>Marche d&#039;orientation de 25 \u00e0 35 km en terrain difficile.<br \/>\n<strong>2026 : 24 juillet<\/strong><\/p>\n\n\t\t<\/div>\n\t<\/div>\n<div class=\"vc_empty_space\"   style=\"height: 32px\"><span class=\"vc_empty_space_inner\"><\/span><\/div>\n\t<div class=\"wpb_video_widget wpb_content_element vc_clearfix   vc_video-aspect-ratio-169 vc_video-el-width-100 vc_video-align-left\" >\n\t\t<div class=\"wpb_wrapper\">\n\t\t\t\n\t\t\t<div class=\"wpb_video_wrapper\"><iframe loading=\"lazy\" title=\"M\u00e9morial Gerrit Kluivers\" src=\"https:\/\/player.vimeo.com\/video\/210112657?dnt=1&amp;app_id=122963\" width=\"388\" height=\"310\" frameborder=\"0\" allow=\"autoplay; fullscreen; picture-in-picture\"><\/iframe><\/div>\n\t\t<\/div>\n\t<\/div>\n<div class=\"vc_empty_space\"   style=\"height: 32px\"><span class=\"vc_empty_space_inner\"><\/span><\/div>\n\t<div class=\"wpb_text_column wpb_content_element\" >\n\t\t<div class=\"wpb_wrapper\">\n\t\t\t<p><a href=\"https:\/\/voshaaroutdoor.com\/wp-content\/uploads\/2013\/08\/gkm-07-08-03-693-vr-finale.jpg\"><img loading=\"lazy\" decoding=\"async\" class=\"alignnone size-large wp-image-440\" src=\"https:\/\/voshaaroutdoor.com\/wp-content\/uploads\/2013\/08\/gkm-07-08-03-693-vr-finale.jpg?w=810\" alt=\"gkm 07-08-03 693 vr-finale\" width=\"810\" height=\"540\" \/><\/a><br \/>\nFred Charles et Vincent Faillard, 3 fois vainqueurs du GKM<br \/>\n(Fred a \u00e9galement remport\u00e9 le classement Mixte 2 fois avec Marie-Anne Marquiz)<\/p>\n<p>&nbsp;<\/p>\n<p><a href=\"https:\/\/voshaaroutdoor.com\/wp-content\/uploads\/2013\/08\/gkm-07-08-03-536-vr-run-bike.jpg\"><img loading=\"lazy\" decoding=\"async\" class=\"alignnone size-large wp-image-454\" src=\"https:\/\/voshaaroutdoor.com\/wp-content\/uploads\/2013\/08\/gkm-07-08-03-536-vr-run-bike.jpg?w=810\" alt=\"gkm 07-08-03 536 vr-run-bike\" width=\"810\" height=\"540\" \/><\/a><\/p>\n<p>En 1997, j&#039;ai \u00e9t\u00e9 spectatrice \u00e0 &#039;Survival of the fittest&#039; d&#039;AVRO \u00e0 Tigne. 3 \u00e9quipes du Voshaar ont particip\u00e9 \u00e0 cette comp\u00e9tition. Lors de la soir\u00e9e finale, j&#039;ai d\u00e9cid\u00e9 (sous la l\u00e9g\u00e8re pression de Stef Beunk) que je pouvais aussi organiser quelque chose comme \u00e7a.<\/p>\n<p>&nbsp;<\/p>\n<p><a href=\"https:\/\/voshaaroutdoor.com\/wp-content\/uploads\/2013\/08\/gkm-07-08-03-593-vr-kano.jpg\"><img loading=\"lazy\" decoding=\"async\" class=\"alignnone size-large wp-image-451\" src=\"https:\/\/voshaaroutdoor.com\/wp-content\/uploads\/2013\/08\/gkm-07-08-03-593-vr-kano.jpg?w=810\" alt=\"gkm 07-08-03 593 vr-kano\" width=\"810\" height=\"540\" \/><\/a><\/p>\n<p>Un an plus tard, le 1er concours \u00e9tait organis\u00e9 \u00e0 Charavines en France ; &#039;Le Tour du Lac&#039;. Sept \u00e9quipes Voshaar se sont battues pour le titre pendant 2 jours dans une France \u00e9touffante. Apr\u00e8s une bataille passionnante, le match a \u00e9t\u00e9 remport\u00e9 par Willy te Selle et Wim Helmink. Lorsque Gerrit Kluivers est d\u00e9c\u00e9d\u00e9 en d\u00e9cembre 1998, son nom \u00e9tait li\u00e9 \u00e0 la course. Dans les ann\u00e9es qui ont suivi, le champ des participants s&#039;est \u00e9largi. Les 2 premiers matchs ont \u00e9t\u00e9 domin\u00e9s par l&#039;\u00e9quipe &#039;Tukker Terror&#039; de Winfried Bats et Patrick Ros. C&#039;\u00e9taient les ann\u00e9es du Mega obstacle \u00e0 &#039;de Molen&#039; (singe suspendu \u00e0 200 m\u00e8tres), de la travers\u00e9e du lac \u00e0 la nage et du DJ &#039;I like to move it&#039; Eric. Les d\u00e9lais n&#039;ont pas \u00e9t\u00e9 respect\u00e9s, ce qui a fait briller les haies et les temps d&#039;arriv\u00e9e (avec les phares de la voiture) tard dans la soir\u00e9e. A partir de 2003, les \u00e9quipes de France sont entr\u00e9es. Le rythme de ces hommes et de ces femmes \u00e9tait regard\u00e9 avec \u00e9tonnement. Un certain Jacky Boisset s&#039;est pr\u00e9sent\u00e9 au d\u00e9part avec son fr\u00e8re Sylvain sous le nom de &#039;Les Dejantes&#039; pour leur 1\u00e8re course Aventure ( il est aujourd&#039;hui double champion du monde AR ). Les \u00e9quipes fran\u00e7aises ne connaissaient pas &#039;notre&#039; fa\u00e7on d&#039;inscrire les CP. La d\u00e9claration ail\u00e9e \u00ab\u00a0ils courent tr\u00e8s vite\u2026 om\u00a0\u00bb est n\u00e9e. Ils n&#039;avaient \u00e9galement jamais vu d&#039;obstacles de corde. Apr\u00e8s quelques \u00e9ditions de plus, les Fran\u00e7ais ont compris ce syst\u00e8me d&#039;entr\u00e9e (et savaient ce qu&#039;\u00e9taient les cordes) et l&#039;\u00e9quipe La Clusaz TSL de Fred Charles et Vincent &#039;le sanglier&#039; Faillard a \u00e9cras\u00e9 la comp\u00e9tition 3 \u00e9ditions (avec des dizaines d&#039;\u00e9quipes internationales) sur la file d&#039;attente . Cette \u00e9quipe a \u00e9galement remport\u00e9 deux fois la course Patagonia Expedition, l&#039;extr\u00eame Bimbache et &#039;Le TransMassif&#039;. Donc classe mondiale. Il y avait aussi des dames fortes au d\u00e9part. Que dire de Sandrine B\u00e9ranger avec son pote Denis Merlin. Sandrine a \u00e9t\u00e9 la gagnante des &#039;Diagonales des fous&#039; \u00e0 La R\u00e9union et 2 fois 3\u00e8me du Raid en France.En 2008 Allard Dericks et Hoite Cannegieter du team Salomon NL ont remport\u00e9 le GKM. Apr\u00e8s une comp\u00e9tition en solitaire en 2009 o\u00f9 Gwen Masson Schaefer (International de l&#039;Equipe de France de Kayak) a remport\u00e9 le titre, la structure du GKM a chang\u00e9. Aujourd&#039;hui, ce n&#039;est plus une course d&#039;aventure, mais un parcours d&#039;orientation.<\/p>\n<p>&nbsp;<\/p>\n<p><a href=\"https:\/\/voshaaroutdoor.com\/wp-content\/uploads\/2013\/08\/gkm-07-08-01-078-wo-kajak.jpg\"><img loading=\"lazy\" decoding=\"async\" class=\"alignnone size-large wp-image-444\" src=\"https:\/\/voshaaroutdoor.com\/wp-content\/uploads\/2013\/08\/gkm-07-08-01-078-wo-kajak.jpg?w=810\" alt=\"gkm 07-08-01 078 wo-kajak\" width=\"810\" height=\"540\" \/><\/a><\/p>\n<p><a href=\"https:\/\/voshaaroutdoor.com\/wp-content\/uploads\/2013\/08\/gkm-07-08-01-252-wo-kajak.jpg\"><img loading=\"lazy\" decoding=\"async\" class=\"alignnone size-large wp-image-446\" src=\"https:\/\/voshaaroutdoor.com\/wp-content\/uploads\/2013\/08\/gkm-07-08-01-252-wo-kajak.jpg?w=810\" alt=\"gkm 07-08-01 252 wo-kajak\" width=\"810\" height=\"540\" \/><\/a><\/p>\n<p>Dans les \u00abgrandes ann\u00e9es\u00bb, le GKM consistait en 4 jours de comp\u00e9tition, y compris les parties; Orientation, marche, VTT, natation, tir \u00e0 l&#039;arc, b\u00fbcheron, obstacles de corde, bike &amp; run, orientation nocturne, kayak, kayak d&#039;eau vive, hydrospeed, escalade et d\u00e9riveur. Un parcours de 100 km n&#039;a pas fait exception.<\/p>\n<p>&nbsp;<\/p>\n<p><a href=\"https:\/\/voshaaroutdoor.com\/wp-content\/uploads\/2013\/08\/gkm-07-08-03-629-vr-touw.jpg\"><img loading=\"lazy\" decoding=\"async\" class=\"alignnone size-large wp-image-461\" src=\"https:\/\/voshaaroutdoor.com\/wp-content\/uploads\/2013\/08\/gkm-07-08-03-629-vr-touw.jpg?w=810\" alt=\"gkm 07-08-03 629 vr-touw\" width=\"810\" height=\"540\" \/><\/a><\/p>\n<p><a href=\"https:\/\/voshaaroutdoor.com\/wp-content\/uploads\/2013\/08\/gkm-07-08-03-694-vr-finale.jpg\"><img loading=\"lazy\" decoding=\"async\" class=\"alignnone size-large wp-image-442\" src=\"https:\/\/voshaaroutdoor.com\/wp-content\/uploads\/2013\/08\/gkm-07-08-03-694-vr-finale.jpg?w=810\" alt=\"gkm 07-08-03 694 vr-finale\" width=\"810\" height=\"540\" \/><\/a><\/p>\n<p>Plus de photos sur : <a href=\"http:\/\/www.facebook.com\/VoshaarOutdoorAndEducation\">www.facebook.com\/VoshaarOutdoorAndEducation<\/a><\/p>\n<p>R\u00e9sultats<br \/>\n1998\u00a0: W. Te Selle \u2013 W. Helmink<br \/>\n1999 : W. Bats \u2013 P. Ros<br \/>\n2000\u00a0: W. Bats \u2013 P. Ros<br \/>\n2001\u00a0:\u00a0D. Jeninga \u2013 J. vd Markt<br \/>\n2002\u00a0: W. Ormel \u2013 R. te Grotenhuis<br \/>\n2003 : W. Bats \u2013 M. Jans<br \/>\n2004 : E. Rovekamp \u2013 Visser<br \/>\n2005 : F. Charles \u2013 V. Faillard (F)<br \/>\n2006 : F. Charles \u2013 V. Faillard (F)<br \/>\n2007 : F. Charles \u2013 V. Faillard (F)<br \/>\n2008 : H. Cannegieter \u2013 A. Dericks<br \/>\n2009 : G. Masson Schaefer (F)<br \/>\n2010 : Boecks \u2013 Marien (B)<br \/>\n2011 : J. van der Berg \u2013 Lubbelinkhof \u2013 Lemstra<br \/>\n2012 : Lohuis \u2013 Lubbelinkhof<br \/>\n2013 : H. Klinkers \u2013 A. de Deugd<br \/>\n2014\u00a0:\u00a0J. Van den Berg \u2013 R. Beeren<br \/>\n2015 : Le Vos \u2013 van der Wielen<br \/>\n2016\u00a0:\u00a0S. Bussink \u2013 Pentec\u00f4te<br \/>\n2017: Simons - le Lepper<br \/>\n2018\u00a0:\u00a0S. Van Dalen \u2013 D. van der Schreur<br \/>\n2019\u00a0: C. Kluivers \u2013 J. Berg<br \/>\n2020 : S. Somboek \u2013 J, Andrea<br \/>\n2021 : C. Kluivers \u2013 C. Ternest (NL-B)<br \/>\n2022 : Vos \u2013 van de Heiden (NL-B)<br \/>\n2023 : J. Koudstaal \u2013 K. Kluivers<br \/>\n2024\u00a0:\u00a0C. Kluivers \u2013 G. Drijfwoud<br \/>\n2025 : C. Kluivers \u2013 D. Roos<\/p>\n\n\t\t<\/div>\n\t<\/div>\n<\/div><\/div><\/div><\/div><div class=\"vc_row wpb_row vc_row-fluid\" ><div class=\"wpb_column vc_column_container vc_col-sm-12\"><div class=\"vc_column-inner\"><div class=\"wpb_wrapper\"><div class=\"vc_empty_space\"   style=\"height: 32px\"><span class=\"vc_empty_space_inner\"><\/span><\/div>\n\t<div  class=\"wpb_single_image wpb_content_element vc_align_left wpb_content_element\">\n\t\t\n\t\t<figure class=\"wpb_wrapper vc_figure\">\n\t\t\t<div class=\"vc_single_image-wrapper   vc_box_border_grey\"><img loading=\"lazy\" decoding=\"async\" width=\"1024\" height=\"352\" src=\"https:\/\/voshaaroutdoor.com\/wp-content\/uploads\/2022\/05\/20210727_210808-2-1024x352.jpg\" class=\"vc_single_image-img attachment-large\" alt=\"\" title=\"20210727_210808 (2)\" srcset=\"https:\/\/voshaaroutdoor.com\/wp-content\/uploads\/2022\/05\/20210727_210808-2-1024x352.jpg 1024w, https:\/\/voshaaroutdoor.com\/wp-content\/uploads\/2022\/05\/20210727_210808-2-300x103.jpg 300w, https:\/\/voshaaroutdoor.com\/wp-content\/uploads\/2022\/05\/20210727_210808-2-768x264.jpg 768w, https:\/\/voshaaroutdoor.com\/wp-content\/uploads\/2022\/05\/20210727_210808-2-1536x528.jpg 1536w\" sizes=\"auto, (max-width: 1024px) 100vw, 1024px\" \/><\/div>\n\t\t<\/figure>\n\t<\/div>\n<div class=\"vc_empty_space\"   style=\"height: 32px\"><span class=\"vc_empty_space_inner\"><\/span><\/div><\/div><\/div><\/div><\/div><div class=\"vc_row wpb_row vc_row-fluid\" ><div class=\"wpb_column vc_column_container vc_col-sm-12\"><div class=\"vc_column-inner\"><div class=\"wpb_wrapper\"><div class=\"vc_empty_space\"   style=\"height: 32px\"><span class=\"vc_empty_space_inner\"><\/span><\/div><\/div><\/div><\/div><\/div>\n<\/div>","protected":false},"excerpt":{"rendered":"Gerrit Kluivers Memorial 25 a 35 Km Ori\u00ebntatie loop door zwaar terrein. 2026: 24 juli Fred Charles en Vincent Faillard, 3\u00a0maal winnaars van de GKM (Fred won samen met Marie-Anne Marquiz ook nog\u00a02 keer het Mixed klassement) &nbsp; In 1997 was ik als toeschouwer bij 'Survival of the fittest' van de AVRO in Tigne. Aan die wedstrijd deden 3 teams van de Voshaar mee.\u00a0Tijdens\u00a0het eindfeest besloot ik (onder lichte druk van Stef Beunk) dat ik ook wel zoiets kon organiseren. &nbsp; Een jaar later werd de 1e wedstrijd in het Franse Charavines georganiseerd; 'Le Tour du Lac'. Zeven Voshaarteams streden over 2 dagen in het bloedhete Frankrijk om de titel. Na een spannende strijd werd de wedstrijd gewonnen door Willy te Selle en Wim Helmink. Toen in december '98 Gerrit Kluivers overleed werd zijn naam aan de wedstrijd gekoppeld. De jaren daarna groeide het deelnemersveld. De eerste 2 wedstrijden werd [...]","protected":false},"author":2,"featured_media":0,"parent":0,"menu_order":0,"comment_status":"closed","ping_status":"closed","template":"","meta":{"footnotes":""},"class_list":["post-437","page","type-page","status-publish","hentry"],"yoast_head":"<!-- This site is optimized with the Yoast SEO plugin v27.5 - https:\/\/yoast.com\/product\/yoast-seo-wordpress\/ -->\n<title>Gerrit Kluivers Memorial - VoshaarOutdoor.com<\/title>\n<meta name=\"robots\" content=\"index, follow, max-snippet:-1, max-image-preview:large, max-video-preview:-1\" \/>\n<link rel=\"canonical\" href=\"https:\/\/voshaaroutdoor.com\/fr\/gerrit-kluivers-memorial\/\" \/>\n<meta property=\"og:locale\" content=\"fr_FR\" \/>\n<meta property=\"og:type\" content=\"article\" \/>\n<meta property=\"og:title\" content=\"Gerrit Kluivers Memorial\" \/>\n<meta property=\"og:description\" content=\"Een 35 km ori\u00ebntatieloop in Frankrijk voor koppels.\" \/>\n<meta property=\"og:url\" content=\"https:\/\/voshaaroutdoor.com\/fr\/gerrit-kluivers-memorial\/\" \/>\n<meta property=\"og:site_name\" content=\"VoshaarOutdoor.com\" \/>\n<meta property=\"article:publisher\" content=\"https:\/\/www.facebook.com\/VoshaarOutdoorandEducation\" \/>\n<meta property=\"article:modified_time\" content=\"2026-03-24T19:37:47+00:00\" \/>\n<meta property=\"og:image\" content=\"https:\/\/voshaaroutdoor.com\/wp-content\/uploads\/2022\/05\/gkm-07-08-03-694-vr-finale-2-scaled.jpg\" \/>\n\t<meta property=\"og:image:width\" content=\"2560\" \/>\n\t<meta property=\"og:image:height\" content=\"920\" \/>\n\t<meta property=\"og:image:type\" content=\"image\/jpeg\" \/>\n<meta name=\"twitter:card\" content=\"summary_large_image\" \/>\n<meta name=\"twitter:label1\" content=\"Dur\u00e9e de lecture estim\u00e9e\" \/>\n\t<meta name=\"twitter:data1\" content=\"5 minutes\" \/>\n<script type=\"application\/ld+json\" class=\"yoast-schema-graph\">{\"@context\":\"https:\\\/\\\/schema.org\",\"@graph\":[{\"@type\":\"WebPage\",\"@id\":\"https:\\\/\\\/voshaaroutdoor.com\\\/gerrit-kluivers-memorial\\\/\",\"url\":\"https:\\\/\\\/voshaaroutdoor.com\\\/gerrit-kluivers-memorial\\\/\",\"name\":\"Gerrit Kluivers Memorial - VoshaarOutdoor.com\",\"isPartOf\":{\"@id\":\"https:\\\/\\\/voshaaroutdoor.com\\\/#website\"},\"primaryImageOfPage\":{\"@id\":\"https:\\\/\\\/voshaaroutdoor.com\\\/gerrit-kluivers-memorial\\\/#primaryimage\"},\"image\":{\"@id\":\"https:\\\/\\\/voshaaroutdoor.com\\\/gerrit-kluivers-memorial\\\/#primaryimage\"},\"thumbnailUrl\":\"https:\\\/\\\/voshaaroutdoor.com\\\/wp-content\\\/uploads\\\/2013\\\/08\\\/gkm-07-08-03-693-vr-finale.jpg?w=810\",\"datePublished\":\"2013-08-16T09:11:34+00:00\",\"dateModified\":\"2026-03-24T19:37:47+00:00\",\"breadcrumb\":{\"@id\":\"https:\\\/\\\/voshaaroutdoor.com\\\/gerrit-kluivers-memorial\\\/#breadcrumb\"},\"inLanguage\":\"fr-FR\",\"potentialAction\":[{\"@type\":\"ReadAction\",\"target\":[\"https:\\\/\\\/voshaaroutdoor.com\\\/gerrit-kluivers-memorial\\\/\"]}]},{\"@type\":\"ImageObject\",\"inLanguage\":\"fr-FR\",\"@id\":\"https:\\\/\\\/voshaaroutdoor.com\\\/gerrit-kluivers-memorial\\\/#primaryimage\",\"url\":\"https:\\\/\\\/voshaaroutdoor.com\\\/wp-content\\\/uploads\\\/2013\\\/08\\\/gkm-07-08-03-693-vr-finale.jpg?w=810\",\"contentUrl\":\"https:\\\/\\\/voshaaroutdoor.com\\\/wp-content\\\/uploads\\\/2013\\\/08\\\/gkm-07-08-03-693-vr-finale.jpg?w=810\"},{\"@type\":\"BreadcrumbList\",\"@id\":\"https:\\\/\\\/voshaaroutdoor.com\\\/gerrit-kluivers-memorial\\\/#breadcrumb\",\"itemListElement\":[{\"@type\":\"ListItem\",\"position\":1,\"name\":\"Home\",\"item\":\"https:\\\/\\\/voshaaroutdoor.com\\\/\"},{\"@type\":\"ListItem\",\"position\":2,\"name\":\"Gerrit Kluivers Memorial\"}]},{\"@type\":\"WebSite\",\"@id\":\"https:\\\/\\\/voshaaroutdoor.com\\\/#website\",\"url\":\"https:\\\/\\\/voshaaroutdoor.com\\\/\",\"name\":\"VoshaarOutdoor.com\",\"description\":\"Voshaar Outdoor &amp; Education - Trainingen, cursussen en opleidingen\",\"publisher\":{\"@id\":\"https:\\\/\\\/voshaaroutdoor.com\\\/#organization\"},\"potentialAction\":[{\"@type\":\"SearchAction\",\"target\":{\"@type\":\"EntryPoint\",\"urlTemplate\":\"https:\\\/\\\/voshaaroutdoor.com\\\/?s={search_term_string}\"},\"query-input\":{\"@type\":\"PropertyValueSpecification\",\"valueRequired\":true,\"valueName\":\"search_term_string\"}}],\"inLanguage\":\"fr-FR\"},{\"@type\":\"Organization\",\"@id\":\"https:\\\/\\\/voshaaroutdoor.com\\\/#organization\",\"name\":\"Voshaar Outdoor & Education\",\"url\":\"https:\\\/\\\/voshaaroutdoor.com\\\/\",\"logo\":{\"@type\":\"ImageObject\",\"inLanguage\":\"fr-FR\",\"@id\":\"https:\\\/\\\/voshaaroutdoor.com\\\/#\\\/schema\\\/logo\\\/image\\\/\",\"url\":\"https:\\\/\\\/voshaaroutdoor.com\\\/wp-content\\\/uploads\\\/2021\\\/11\\\/cropped-nieuwe-logo-rood.png\",\"contentUrl\":\"https:\\\/\\\/voshaaroutdoor.com\\\/wp-content\\\/uploads\\\/2021\\\/11\\\/cropped-nieuwe-logo-rood.png\",\"width\":512,\"height\":512,\"caption\":\"Voshaar Outdoor & Education\"},\"image\":{\"@id\":\"https:\\\/\\\/voshaaroutdoor.com\\\/#\\\/schema\\\/logo\\\/image\\\/\"},\"sameAs\":[\"https:\\\/\\\/www.facebook.com\\\/VoshaarOutdoorandEducation\",\"https:\\\/\\\/www.instagram.com\\\/voshaaroutdoorandeducation\\\/\"]}]}<\/script>\n<!-- \/ Yoast SEO plugin. -->","yoast_head_json":{"title":"M\u00e9morial Gerrit Kluivers - VoshaarOutdoor.com","robots":{"index":"index","follow":"follow","max-snippet":"max-snippet:-1","max-image-preview":"max-image-preview:large","max-video-preview":"max-video-preview:-1"},"canonical":"https:\/\/voshaaroutdoor.com\/fr\/gerrit-kluivers-memorial\/","og_locale":"fr_FR","og_type":"article","og_title":"Gerrit Kluivers Memorial","og_description":"Een 35 km ori\u00ebntatieloop in Frankrijk voor koppels.","og_url":"https:\/\/voshaaroutdoor.com\/fr\/gerrit-kluivers-memorial\/","og_site_name":"VoshaarOutdoor.com","article_publisher":"https:\/\/www.facebook.com\/VoshaarOutdoorandEducation","article_modified_time":"2026-03-24T19:37:47+00:00","og_image":[{"width":2560,"height":920,"url":"https:\/\/voshaaroutdoor.com\/wp-content\/uploads\/2022\/05\/gkm-07-08-03-694-vr-finale-2-scaled.jpg","type":"image\/jpeg"}],"twitter_card":"summary_large_image","twitter_misc":{"Dur\u00e9e de lecture estim\u00e9e":"5 minutes"},"schema":{"@context":"https:\/\/schema.org","@graph":[{"@type":"WebPage","@id":"https:\/\/voshaaroutdoor.com\/gerrit-kluivers-memorial\/","url":"https:\/\/voshaaroutdoor.com\/gerrit-kluivers-memorial\/","name":"M\u00e9morial Gerrit Kluivers - VoshaarOutdoor.com","isPartOf":{"@id":"https:\/\/voshaaroutdoor.com\/#website"},"primaryImageOfPage":{"@id":"https:\/\/voshaaroutdoor.com\/gerrit-kluivers-memorial\/#primaryimage"},"image":{"@id":"https:\/\/voshaaroutdoor.com\/gerrit-kluivers-memorial\/#primaryimage"},"thumbnailUrl":"https:\/\/voshaaroutdoor.com\/wp-content\/uploads\/2013\/08\/gkm-07-08-03-693-vr-finale.jpg?w=810","datePublished":"2013-08-16T09:11:34+00:00","dateModified":"2026-03-24T19:37:47+00:00","breadcrumb":{"@id":"https:\/\/voshaaroutdoor.com\/gerrit-kluivers-memorial\/#breadcrumb"},"inLanguage":"fr-FR","potentialAction":[{"@type":"ReadAction","target":["https:\/\/voshaaroutdoor.com\/gerrit-kluivers-memorial\/"]}]},{"@type":"ImageObject","inLanguage":"fr-FR","@id":"https:\/\/voshaaroutdoor.com\/gerrit-kluivers-memorial\/#primaryimage","url":"https:\/\/voshaaroutdoor.com\/wp-content\/uploads\/2013\/08\/gkm-07-08-03-693-vr-finale.jpg?w=810","contentUrl":"https:\/\/voshaaroutdoor.com\/wp-content\/uploads\/2013\/08\/gkm-07-08-03-693-vr-finale.jpg?w=810"},{"@type":"BreadcrumbList","@id":"https:\/\/voshaaroutdoor.com\/gerrit-kluivers-memorial\/#breadcrumb","itemListElement":[{"@type":"ListItem","position":1,"name":"Home","item":"https:\/\/voshaaroutdoor.com\/"},{"@type":"ListItem","position":2,"name":"Gerrit Kluivers Memorial"}]},{"@type":"WebSite","@id":"https:\/\/voshaaroutdoor.com\/#website","url":"https:\/\/voshaaroutdoor.com\/","name":"VoshaarOutdoor.com","description":"Voshaar Outdoor &amp; Education - Formations, cours et \u00e9ducation","publisher":{"@id":"https:\/\/voshaaroutdoor.com\/#organization"},"potentialAction":[{"@type":"SearchAction","target":{"@type":"EntryPoint","urlTemplate":"https:\/\/voshaaroutdoor.com\/?s={search_term_string}"},"query-input":{"@type":"PropertyValueSpecification","valueRequired":true,"valueName":"search_term_string"}}],"inLanguage":"fr-FR"},{"@type":"Organization","@id":"https:\/\/voshaaroutdoor.com\/#organization","name":"Voshaar Plein air et \u00e9ducation","url":"https:\/\/voshaaroutdoor.com\/","logo":{"@type":"ImageObject","inLanguage":"fr-FR","@id":"https:\/\/voshaaroutdoor.com\/#\/schema\/logo\/image\/","url":"https:\/\/voshaaroutdoor.com\/wp-content\/uploads\/2021\/11\/cropped-nieuwe-logo-rood.png","contentUrl":"https:\/\/voshaaroutdoor.com\/wp-content\/uploads\/2021\/11\/cropped-nieuwe-logo-rood.png","width":512,"height":512,"caption":"Voshaar Outdoor & Education"},"image":{"@id":"https:\/\/voshaaroutdoor.com\/#\/schema\/logo\/image\/"},"sameAs":["https:\/\/www.facebook.com\/VoshaarOutdoorandEducation","https:\/\/www.instagram.com\/voshaaroutdoorandeducation\/"]}]}},"_links":{"self":[{"href":"https:\/\/voshaaroutdoor.com\/fr\/wp-json\/wp\/v2\/pages\/437","targetHints":{"allow":["GET"]}}],"collection":[{"href":"https:\/\/voshaaroutdoor.com\/fr\/wp-json\/wp\/v2\/pages"}],"about":[{"href":"https:\/\/voshaaroutdoor.com\/fr\/wp-json\/wp\/v2\/types\/page"}],"author":[{"embeddable":true,"href":"https:\/\/voshaaroutdoor.com\/fr\/wp-json\/wp\/v2\/users\/2"}],"replies":[{"embeddable":true,"href":"https:\/\/voshaaroutdoor.com\/fr\/wp-json\/wp\/v2\/comments?post=437"}],"version-history":[{"count":16,"href":"https:\/\/voshaaroutdoor.com\/fr\/wp-json\/wp\/v2\/pages\/437\/revisions"}],"predecessor-version":[{"id":8302,"href":"https:\/\/voshaaroutdoor.com\/fr\/wp-json\/wp\/v2\/pages\/437\/revisions\/8302"}],"wp:attachment":[{"href":"https:\/\/voshaaroutdoor.com\/fr\/wp-json\/wp\/v2\/media?parent=437"}],"curies":[{"name":"wp","href":"https:\/\/api.w.org\/{rel}","templated":true}]}}