{"id":6238,"date":"2023-05-10T07:49:49","date_gmt":"2023-05-10T07:49:49","guid":{"rendered":"https:\/\/voshaaroutdoor.com\/?page_id=6238"},"modified":"2025-08-06T06:51:07","modified_gmt":"2025-08-06T06:51:07","slug":"vogels-europa","status":"publish","type":"page","link":"https:\/\/voshaaroutdoor.com\/es\/vogels-europa\/","title":{"rendered":"Aves Europa"},"content":{"rendered":"<div class=\"wpb-content-wrapper\"><div class=\"vc_row wpb_row vc_row-fluid\" ><div class=\"wpb_column vc_column_container vc_col-sm-12\"><div class=\"vc_column-inner\"><div class=\"wpb_wrapper\">\n\t<div class=\"wpb_text_column wpb_content_element\" >\n\t\t<div class=\"wpb_wrapper\">\n\t\t\t<p style=\"text-align: center;\">Viajes centrados en las aves.<br \/>\nAcompa\u00f1ados por gu\u00edas experimentados, nos adentramos en las zonas m\u00e1s bellas y ricas en aves de Europa. Los lobos tambi\u00e9n se pueden encontrar en Polonia, Francia y Espa\u00f1a, y los osos en Espa\u00f1a.<\/p>\n<p style=\"text-align: center;\">\u00a1Despl\u00e1cese hacia abajo para ver el curso de especializaci\u00f3n en aves rapaces!<\/p>\n\n\t\t<\/div>\n\t<\/div>\n<div class=\"vc_empty_space\"   style=\"height: 32px\"><span class=\"vc_empty_space_inner\"><\/span><\/div>\n\t<div  class=\"wpb_single_image wpb_content_element vc_align_center wpb_content_element\">\n\t\t\n\t\t<figure class=\"wpb_wrapper vc_figure\">\n\t\t\t<div class=\"vc_single_image-wrapper   vc_box_border_grey\"><img loading=\"lazy\" decoding=\"async\" width=\"819\" height=\"1024\" src=\"https:\/\/voshaaroutdoor.com\/wp-content\/uploads\/2024\/10\/Vogelreizen-Verticale-Instagrampost-819x1024.jpeg\" class=\"vc_single_image-img attachment-large\" alt=\"\" title=\"Publicaci\u00f3n vertical de Instagram de viajes de aves\" srcset=\"https:\/\/voshaaroutdoor.com\/wp-content\/uploads\/2024\/10\/Vogelreizen-Verticale-Instagrampost-819x1024.jpeg 819w, https:\/\/voshaaroutdoor.com\/wp-content\/uploads\/2024\/10\/Vogelreizen-Verticale-Instagrampost-240x300.jpeg 240w, https:\/\/voshaaroutdoor.com\/wp-content\/uploads\/2024\/10\/Vogelreizen-Verticale-Instagrampost-768x960.jpeg 768w, https:\/\/voshaaroutdoor.com\/wp-content\/uploads\/2024\/10\/Vogelreizen-Verticale-Instagrampost-1229x1536.jpeg 1229w, https:\/\/voshaaroutdoor.com\/wp-content\/uploads\/2024\/10\/Vogelreizen-Verticale-Instagrampost-1638x2048.jpeg 1638w, https:\/\/voshaaroutdoor.com\/wp-content\/uploads\/2024\/10\/Vogelreizen-Verticale-Instagrampost-10x12.jpeg 10w\" sizes=\"auto, (max-width: 819px) 100vw, 819px\" \/><\/div>\n\t\t<\/figure>\n\t<\/div>\n<div class=\"vc_empty_space\"   style=\"height: 32px\"><span class=\"vc_empty_space_inner\"><\/span><\/div>\n\t<div class=\"wpb_text_column wpb_content_element\" >\n\t\t<div class=\"wpb_wrapper\">\n\t\t\t<p style=\"text-align: center;\">Bialowieza Polonia.<\/p>\n<p style=\"text-align: center;\">Cinco d\u00edas en el \u00faltimo bosque primitivo de Europa con innumerables especies de aves.<br \/>\nPer\u00edodo: mayo.<br \/>\nPara m\u00e1s informaci\u00f3n sobre el viaje al \u00faltimo bosque primitivo de Europa pincha en el enlace.<\/p>\n\n\t\t<\/div>\n\t<\/div>\n<div class=\"vc_empty_space\"   style=\"height: 32px\"><span class=\"vc_empty_space_inner\"><\/span><\/div><div class=\"vc_btn3-container vc_btn3-center vc_do_btn\" ><a class=\"vc_general vc_btn3 vc_btn3-size-md vc_btn3-shape-rounded vc_btn3-style-modern vc_btn3-color-grey\" href=\"https:\/\/voshaaroutdoor.com\/es\/bialowieza-polen\/\" title=\"Bialowieza, Polonia\">Bialowieza, Polonia.<\/a><\/div><div class=\"vc_empty_space\"   style=\"height: 32px\"><span class=\"vc_empty_space_inner\"><\/span><\/div>\n\t<div  class=\"wpb_single_image wpb_content_element vc_align_center wpb_content_element\">\n\t\t\n\t\t<figure class=\"wpb_wrapper vc_figure\">\n\t\t\t<div class=\"vc_single_image-wrapper   vc_box_border_grey\"><img loading=\"lazy\" decoding=\"async\" width=\"1024\" height=\"388\" src=\"https:\/\/voshaaroutdoor.com\/wp-content\/uploads\/2023\/05\/IMG-20210526-WA0015-2-1024x388.jpg\" class=\"vc_single_image-img attachment-large\" alt=\"\" title=\"IMG-20210526-WA0015 (2)\" srcset=\"https:\/\/voshaaroutdoor.com\/wp-content\/uploads\/2023\/05\/IMG-20210526-WA0015-2-1024x388.jpg 1024w, https:\/\/voshaaroutdoor.com\/wp-content\/uploads\/2023\/05\/IMG-20210526-WA0015-2-300x114.jpg 300w, https:\/\/voshaaroutdoor.com\/wp-content\/uploads\/2023\/05\/IMG-20210526-WA0015-2-768x291.jpg 768w, https:\/\/voshaaroutdoor.com\/wp-content\/uploads\/2023\/05\/IMG-20210526-WA0015-2.jpg 1492w\" sizes=\"auto, (max-width: 1024px) 100vw, 1024px\" \/><\/div>\n\t\t<\/figure>\n\t<\/div>\n\n\t<div class=\"wpb_text_column wpb_content_element\" >\n\t\t<div class=\"wpb_wrapper\">\n\t\t\t<p style=\"text-align: center;\">Espa\u00f1a<br \/>\nAsturias.<br \/>\nPer\u00edodo: mayo<br \/>\nCinco d\u00edas en el Parque Nacional de Somiedo. Aves rapaces, osos y lobos.<\/p>\n\n\t\t<\/div>\n\t<\/div>\n<div class=\"vc_empty_space\"   style=\"height: 32px\"><span class=\"vc_empty_space_inner\"><\/span><\/div><div class=\"vc_btn3-container vc_btn3-center vc_do_btn\" ><a class=\"vc_general vc_btn3 vc_btn3-size-md vc_btn3-shape-rounded vc_btn3-style-modern vc_btn3-color-grey\" href=\"https:\/\/voshaaroutdoor.com\/es\/spanje-wandelreizen\/\" title=\"Espa\u00f1a\">Somiedo<\/a><\/div><div class=\"vc_empty_space\"   style=\"height: 32px\"><span class=\"vc_empty_space_inner\"><\/span><\/div>\n\t<div class=\"wpb_text_column wpb_content_element\" >\n\t\t<div class=\"wpb_wrapper\">\n\t\t\t<p style=\"text-align: center;\">\u00a0Viaje de observaci\u00f3n de aves a la Extremadura espa\u00f1ola<\/p>\n\n\t\t<\/div>\n\t<\/div>\n<div class=\"vc_empty_space\"   style=\"height: 32px\"><span class=\"vc_empty_space_inner\"><\/span><\/div><div class=\"vc_btn3-container vc_btn3-center vc_do_btn\" ><a class=\"vc_general vc_btn3 vc_btn3-size-md vc_btn3-shape-rounded vc_btn3-style-modern vc_btn3-color-grey\" href=\"https:\/\/voshaaroutdoor.com\/es\/extremadura\/\" title=\"Extremadura\">Extremadura<\/a><\/div><div class=\"vc_empty_space\"   style=\"height: 32px\"><span class=\"vc_empty_space_inner\"><\/span><\/div>\n\t<div  class=\"wpb_single_image wpb_content_element vc_align_center wpb_content_element\">\n\t\t\n\t\t<figure class=\"wpb_wrapper vc_figure\">\n\t\t\t<div class=\"vc_single_image-wrapper   vc_box_border_grey\"><img loading=\"lazy\" decoding=\"async\" width=\"879\" height=\"380\" src=\"https:\/\/voshaaroutdoor.com\/wp-content\/uploads\/2023\/05\/283540778_415385210593771_3276460483903211780_n-2.jpg\" class=\"vc_single_image-img attachment-large\" alt=\"\" title=\"283540778_415385210593771_3276460483903211780_n (2)\" srcset=\"https:\/\/voshaaroutdoor.com\/wp-content\/uploads\/2023\/05\/283540778_415385210593771_3276460483903211780_n-2.jpg 879w, https:\/\/voshaaroutdoor.com\/wp-content\/uploads\/2023\/05\/283540778_415385210593771_3276460483903211780_n-2-300x130.jpg 300w, https:\/\/voshaaroutdoor.com\/wp-content\/uploads\/2023\/05\/283540778_415385210593771_3276460483903211780_n-2-768x332.jpg 768w\" sizes=\"auto, (max-width: 879px) 100vw, 879px\" \/><\/div>\n\t\t<\/figure>\n\t<\/div>\n\n\t<div class=\"wpb_text_column wpb_content_element\" >\n\t\t<div class=\"wpb_wrapper\">\n\t\t\t<p style=\"text-align: center;\">Francia \u2013 Espa\u00f1a<br \/>\nCinco d\u00edas en los Pirineos centrados en los buitres y las aves rapaces<\/p>\n\n\t\t<\/div>\n\t<\/div>\n<div class=\"vc_empty_space\"   style=\"height: 32px\"><span class=\"vc_empty_space_inner\"><\/span><\/div><div class=\"vc_btn3-container vc_btn3-center vc_do_btn\" ><a class=\"vc_general vc_btn3 vc_btn3-size-md vc_btn3-shape-rounded vc_btn3-style-modern vc_btn3-color-grey\" href=\"https:\/\/voshaaroutdoor.com\/es\/pyreneeen\/\" title=\"\" target=\"_blank\">Pirineos<\/a><\/div><div class=\"vc_empty_space\"   style=\"height: 32px\"><span class=\"vc_empty_space_inner\"><\/span><\/div>\n\t<div class=\"wpb_text_column wpb_content_element\" >\n\t\t<div class=\"wpb_wrapper\">\n\t\t\t<p style=\"text-align: center;\">Alpes franceses<br \/>\nVercors, Chartreuse y les Ecrins.<br \/>\nBuitres, \u00e1guilas, milanos y muchas otras aves rapaces. Nuestros gu\u00edas conocen los mejores lugares.<br \/>\nPer\u00edodo: julio-agosto<\/p>\n\n\t\t<\/div>\n\t<\/div>\n<div class=\"vc_empty_space\"   style=\"height: 32px\"><span class=\"vc_empty_space_inner\"><\/span><\/div>\n\t<div  class=\"wpb_single_image wpb_content_element vc_align_center wpb_content_element\">\n\t\t\n\t\t<figure class=\"wpb_wrapper vc_figure\">\n\t\t\t<div class=\"vc_single_image-wrapper   vc_box_border_grey\"><img loading=\"lazy\" decoding=\"async\" width=\"864\" height=\"357\" src=\"https:\/\/voshaaroutdoor.com\/wp-content\/uploads\/2023\/05\/282657009_417024163763209_3142930310344180573_n-2.jpg\" class=\"vc_single_image-img attachment-large\" alt=\"\" title=\"282657009_417024163763209_3142930310344180573_n (2)\" srcset=\"https:\/\/voshaaroutdoor.com\/wp-content\/uploads\/2023\/05\/282657009_417024163763209_3142930310344180573_n-2.jpg 864w, https:\/\/voshaaroutdoor.com\/wp-content\/uploads\/2023\/05\/282657009_417024163763209_3142930310344180573_n-2-300x124.jpg 300w, https:\/\/voshaaroutdoor.com\/wp-content\/uploads\/2023\/05\/282657009_417024163763209_3142930310344180573_n-2-768x317.jpg 768w\" sizes=\"auto, (max-width: 864px) 100vw, 864px\" \/><\/div>\n\t\t<\/figure>\n\t<\/div>\n<div class=\"vc_empty_space\"   style=\"height: 32px\"><span class=\"vc_empty_space_inner\"><\/span><\/div><div class=\"vc_btn3-container vc_btn3-center vc_do_btn\" ><a class=\"vc_general vc_btn3 vc_btn3-size-md vc_btn3-shape-rounded vc_btn3-style-modern vc_btn3-color-grey\" href=\"https:\/\/voshaaroutdoor.com\/es\/frankrijk-wandelreizen\/\" title=\"\" target=\"_blank\">Aves de presa Francia<\/a><\/div><div class=\"vc_empty_space\"   style=\"height: 32px\"><span class=\"vc_empty_space_inner\"><\/span><\/div>\n\t<div class=\"wpb_text_column wpb_content_element\" >\n\t\t<div class=\"wpb_wrapper\">\n\t\t\t<p style=\"text-align: center;\"><strong>Curso de Especializaci\u00f3n en Aves Rapaces (y Buitres)<\/strong><\/p>\n\n\t\t<\/div>\n\t<\/div>\n<div class=\"vc_empty_space\"   style=\"height: 32px\"><span class=\"vc_empty_space_inner\"><\/span><\/div><\/div><\/div><\/div><\/div><div class=\"vc_row wpb_row vc_row-fluid\" ><div class=\"wpb_column vc_column_container vc_col-sm-12\"><div class=\"vc_column-inner\"><div class=\"wpb_wrapper\">\n\t<div class=\"wpb_video_widget wpb_content_element vc_clearfix   vc_video-aspect-ratio-169 vc_video-el-width-100 vc_video-align-center\" >\n\t\t<div class=\"wpb_wrapper\">\n\t\t\t\n\t\t\t<div class=\"wpb_video_wrapper\"><iframe loading=\"lazy\" title=\"Aves rapaces de Europa 2024 1.0\" src=\"https:\/\/player.vimeo.com\/video\/939938948?dnt=1&amp;app_id=122963\" width=\"500\" height=\"281\" frameborder=\"0\" allow=\"autoplay; fullscreen; picture-in-picture; clipboard-write\"><\/iframe><\/div>\n\t\t<\/div>\n\t<\/div>\n<div class=\"vc_empty_space\"   style=\"height: 32px\"><span class=\"vc_empty_space_inner\"><\/span><\/div><\/div><\/div><\/div><\/div><div class=\"vc_row wpb_row vc_row-fluid\" ><div class=\"wpb_column vc_column_container vc_col-sm-12\"><div class=\"vc_column-inner\"><div class=\"wpb_wrapper\">\n\t<div class=\"wpb_text_column wpb_content_element\" >\n\t\t<div class=\"wpb_wrapper\">\n\t\t\t<p style=\"text-align: center;\">\u00bfDe verdad quieres saber m\u00e1s sobre las aves rapaces? \u00bfQuieres ver y reconocer la mayor\u00eda de las especies europeas en estado salvaje? \u00a1Entonces este curso es para ti!<\/p>\n\n\t\t<\/div>\n\t<\/div>\n<div class=\"vc_empty_space\"   style=\"height: 32px\"><span class=\"vc_empty_space_inner\"><\/span><\/div><\/div><\/div><\/div><\/div><div class=\"vc_row wpb_row vc_row-fluid\" ><div class=\"wpb_column vc_column_container vc_col-sm-12\"><div class=\"vc_column-inner\"><div class=\"wpb_wrapper\">\n\t<div  class=\"wpb_single_image wpb_content_element vc_align_center wpb_content_element\">\n\t\t\n\t\t<figure class=\"wpb_wrapper vc_figure\">\n\t\t\t<div class=\"vc_single_image-wrapper   vc_box_border_grey\"><img loading=\"lazy\" decoding=\"async\" width=\"904\" height=\"389\" src=\"https:\/\/voshaaroutdoor.com\/wp-content\/uploads\/2024\/04\/283567986_415385320593760_1545751070147969434_n-2.jpg\" class=\"vc_single_image-img attachment-large\" alt=\"\" title=\"283567986_415385320593760_1545751070147969434_n (2)\" srcset=\"https:\/\/voshaaroutdoor.com\/wp-content\/uploads\/2024\/04\/283567986_415385320593760_1545751070147969434_n-2.jpg 904w, https:\/\/voshaaroutdoor.com\/wp-content\/uploads\/2024\/04\/283567986_415385320593760_1545751070147969434_n-2-300x129.jpg 300w, https:\/\/voshaaroutdoor.com\/wp-content\/uploads\/2024\/04\/283567986_415385320593760_1545751070147969434_n-2-768x330.jpg 768w, https:\/\/voshaaroutdoor.com\/wp-content\/uploads\/2024\/04\/283567986_415385320593760_1545751070147969434_n-2-18x8.jpg 18w\" sizes=\"auto, (max-width: 904px) 100vw, 904px\" \/><\/div>\n\t\t<\/figure>\n\t<\/div>\n<div class=\"vc_empty_space\"   style=\"height: 32px\"><span class=\"vc_empty_space_inner\"><\/span><\/div><div class=\"vc_btn3-container vc_btn3-center vc_do_btn\" ><a class=\"vc_general vc_btn3 vc_btn3-size-md vc_btn3-shape-rounded vc_btn3-style-modern vc_btn3-color-grey\" href=\"https:\/\/voshaaroutdoor.com\/es\/roofvogels\/\" title=\"\" target=\"_blank\">Curso de especializaci\u00f3n en aves rapaces<\/a><\/div><\/div><\/div><\/div><\/div><div class=\"vc_row wpb_row vc_row-fluid\" ><div class=\"wpb_column vc_column_container vc_col-sm-12\"><div class=\"vc_column-inner\"><div class=\"wpb_wrapper\"><div class=\"vc_empty_space\"   style=\"height: 32px\"><span class=\"vc_empty_space_inner\"><\/span><\/div><\/div><\/div><\/div><\/div><div class=\"vc_row wpb_row vc_row-fluid\" ><div class=\"wpb_column vc_column_container vc_col-sm-12\"><div class=\"vc_column-inner\"><div class=\"wpb_wrapper\">\n\t<div  class=\"wpb_single_image wpb_content_element vc_align_center wpb_content_element\">\n\t\t\n\t\t<figure class=\"wpb_wrapper vc_figure\">\n\t\t\t<div class=\"vc_single_image-wrapper   vc_box_border_grey\"><img loading=\"lazy\" decoding=\"async\" width=\"960\" height=\"544\" src=\"https:\/\/voshaaroutdoor.com\/wp-content\/uploads\/2024\/04\/281348459_411038847695074_4793685116364433783_n.jpg\" class=\"vc_single_image-img attachment-large\" alt=\"\" title=\"281348459_411038847695074_4793685116364433783_n\" srcset=\"https:\/\/voshaaroutdoor.com\/wp-content\/uploads\/2024\/04\/281348459_411038847695074_4793685116364433783_n.jpg 960w, https:\/\/voshaaroutdoor.com\/wp-content\/uploads\/2024\/04\/281348459_411038847695074_4793685116364433783_n-300x170.jpg 300w, https:\/\/voshaaroutdoor.com\/wp-content\/uploads\/2024\/04\/281348459_411038847695074_4793685116364433783_n-768x435.jpg 768w, https:\/\/voshaaroutdoor.com\/wp-content\/uploads\/2024\/04\/281348459_411038847695074_4793685116364433783_n-18x10.jpg 18w, https:\/\/voshaaroutdoor.com\/wp-content\/uploads\/2024\/04\/281348459_411038847695074_4793685116364433783_n-87x50.jpg 87w\" sizes=\"auto, (max-width: 960px) 100vw, 960px\" \/><\/div>\n\t\t<\/figure>\n\t<\/div>\n<div class=\"vc_empty_space\"   style=\"height: 32px\"><span class=\"vc_empty_space_inner\"><\/span><\/div><\/div><\/div><\/div><\/div><div class=\"vc_row wpb_row vc_row-fluid\" ><div class=\"wpb_column vc_column_container vc_col-sm-12\"><div class=\"vc_column-inner\"><div class=\"wpb_wrapper\">\n\t<div  class=\"wpb_single_image wpb_content_element vc_align_center wpb_content_element\">\n\t\t\n\t\t<figure class=\"wpb_wrapper vc_figure\">\n\t\t\t<div class=\"vc_single_image-wrapper   vc_box_border_grey\"><img loading=\"lazy\" decoding=\"async\" width=\"1024\" height=\"372\" src=\"https:\/\/voshaaroutdoor.com\/wp-content\/uploads\/2024\/04\/33963855_1767364113302579_6396840233857449984_o-kopie-2-1024x372.jpg\" class=\"vc_single_image-img attachment-large\" alt=\"\" title=\"33963855_1767364113302579_6396840233857449984_o - copia (2)\" srcset=\"https:\/\/voshaaroutdoor.com\/wp-content\/uploads\/2024\/04\/33963855_1767364113302579_6396840233857449984_o-kopie-2-1024x372.jpg 1024w, https:\/\/voshaaroutdoor.com\/wp-content\/uploads\/2024\/04\/33963855_1767364113302579_6396840233857449984_o-kopie-2-300x109.jpg 300w, https:\/\/voshaaroutdoor.com\/wp-content\/uploads\/2024\/04\/33963855_1767364113302579_6396840233857449984_o-kopie-2-768x279.jpg 768w, https:\/\/voshaaroutdoor.com\/wp-content\/uploads\/2024\/04\/33963855_1767364113302579_6396840233857449984_o-kopie-2-1536x558.jpg 1536w, https:\/\/voshaaroutdoor.com\/wp-content\/uploads\/2024\/04\/33963855_1767364113302579_6396840233857449984_o-kopie-2-18x7.jpg 18w, https:\/\/voshaaroutdoor.com\/wp-content\/uploads\/2024\/04\/33963855_1767364113302579_6396840233857449984_o-kopie-2.jpg 1868w\" sizes=\"auto, (max-width: 1024px) 100vw, 1024px\" \/><\/div>\n\t\t<\/figure>\n\t<\/div>\n<div class=\"vc_empty_space\"   style=\"height: 32px\"><span class=\"vc_empty_space_inner\"><\/span><\/div>\n\t<div class=\"wpb_text_column wpb_content_element\" >\n\t\t<div class=\"wpb_wrapper\">\n\t\t\t<p style=\"text-align: center;\"><em>Fotos: Eli Prins, Johan Klein Jebbink, Raoul Kluivers y Milou Peperkamp<br \/>\nV\u00eddeo: Raoul Kluivers<\/em><\/p>\n\n\t\t<\/div>\n\t<\/div>\n<div class=\"vc_empty_space\"   style=\"height: 32px\"><span class=\"vc_empty_space_inner\"><\/span><\/div><\/div><\/div><\/div><\/div>\n<\/div>","protected":false},"excerpt":{"rendered":"Reizen gericht op vogels. Onder begeleiding van ervaren gidsen gaan we op pad in de mooiste en vogelrijke gebieden van Europa. In Polen, Frankrijk en Spanje zijn ook wolven te vinden, in Spanje ook beren. Scrol naar beneden voor de Roofvogels Specialisatie Cursus! Bialowieza Polen. Vijf dagen in het laatste oerbos van Europa met ontelbare vogelsoorten. Periode: Mei. Voor meer informatie over de reis naar het laatste oerbos van Europa klik op de link. Bialowieza, Polen. Spanje Asturi\u00eb. Periode: Mei Vijf dagen in het Nationaal park van Somiedo. Roofvogels, beren en wolven. Somiedo \u00a0Vogelreis naar de Spaanse Extremadura Extremadura Frankrijk - Spanje Vijf dagen in de de Pyrenee\u00ebn met een focus op gieren en roofvogels Pyrenee\u00ebn Franse Alpen Vercors, Chartreuse en les Ecrins. Gieren, arenden, wouwen en vele andere (roof)vogels. Onze gidsen weten de beste plekken. Periode: Juli-augustus Roofvogels Frankrijk Roofvogels (en gieren) Specialisatie Cursus Wil je echt meer weten [...]","protected":false},"author":4,"featured_media":6239,"parent":0,"menu_order":0,"comment_status":"closed","ping_status":"closed","template":"","meta":{"footnotes":""},"class_list":["post-6238","page","type-page","status-publish","has-post-thumbnail","hentry"],"yoast_head":"<!-- This site is optimized with the Yoast SEO plugin v27.5 - https:\/\/yoast.com\/product\/yoast-seo-wordpress\/ -->\n<title>Vogels Europa - VoshaarOutdoor.com<\/title>\n<meta name=\"robots\" content=\"index, follow, max-snippet:-1, max-image-preview:large, max-video-preview:-1\" \/>\n<link rel=\"canonical\" href=\"https:\/\/voshaaroutdoor.com\/es\/vogels-europa\/\" \/>\n<meta property=\"og:locale\" content=\"es_ES\" \/>\n<meta property=\"og:type\" content=\"article\" \/>\n<meta property=\"og:title\" content=\"Vogelreizen Europa\" \/>\n<meta property=\"og:url\" content=\"https:\/\/voshaaroutdoor.com\/es\/vogels-europa\/\" \/>\n<meta property=\"og:site_name\" content=\"VoshaarOutdoor.com\" \/>\n<meta property=\"article:publisher\" content=\"https:\/\/www.facebook.com\/VoshaarOutdoorandEducation\" \/>\n<meta property=\"article:modified_time\" content=\"2025-08-06T06:51:07+00:00\" \/>\n<meta property=\"og:image\" content=\"https:\/\/voshaaroutdoor.com\/wp-content\/uploads\/2023\/05\/283540778_415385210593771_3276460483903211780_n-2.jpg\" \/>\n\t<meta property=\"og:image:width\" content=\"879\" \/>\n\t<meta property=\"og:image:height\" content=\"380\" \/>\n\t<meta property=\"og:image:type\" content=\"image\/jpeg\" \/>\n<meta name=\"twitter:card\" content=\"summary_large_image\" \/>\n<meta name=\"twitter:label1\" content=\"Tiempo de lectura\" \/>\n\t<meta name=\"twitter:data1\" content=\"3 minutos\" \/>\n<script type=\"application\/ld+json\" class=\"yoast-schema-graph\">{\"@context\":\"https:\\\/\\\/schema.org\",\"@graph\":[{\"@type\":\"WebPage\",\"@id\":\"https:\\\/\\\/voshaaroutdoor.com\\\/vogels-europa\\\/\",\"url\":\"https:\\\/\\\/voshaaroutdoor.com\\\/vogels-europa\\\/\",\"name\":\"Vogels Europa - VoshaarOutdoor.com\",\"isPartOf\":{\"@id\":\"https:\\\/\\\/voshaaroutdoor.com\\\/#website\"},\"primaryImageOfPage\":{\"@id\":\"https:\\\/\\\/voshaaroutdoor.com\\\/vogels-europa\\\/#primaryimage\"},\"image\":{\"@id\":\"https:\\\/\\\/voshaaroutdoor.com\\\/vogels-europa\\\/#primaryimage\"},\"thumbnailUrl\":\"https:\\\/\\\/voshaaroutdoor.com\\\/wp-content\\\/uploads\\\/2023\\\/05\\\/283540778_415385210593771_3276460483903211780_n-2.jpg\",\"datePublished\":\"2023-05-10T07:49:49+00:00\",\"dateModified\":\"2025-08-06T06:51:07+00:00\",\"breadcrumb\":{\"@id\":\"https:\\\/\\\/voshaaroutdoor.com\\\/vogels-europa\\\/#breadcrumb\"},\"inLanguage\":\"es\",\"potentialAction\":[{\"@type\":\"ReadAction\",\"target\":[\"https:\\\/\\\/voshaaroutdoor.com\\\/vogels-europa\\\/\"]}]},{\"@type\":\"ImageObject\",\"inLanguage\":\"es\",\"@id\":\"https:\\\/\\\/voshaaroutdoor.com\\\/vogels-europa\\\/#primaryimage\",\"url\":\"https:\\\/\\\/voshaaroutdoor.com\\\/wp-content\\\/uploads\\\/2023\\\/05\\\/283540778_415385210593771_3276460483903211780_n-2.jpg\",\"contentUrl\":\"https:\\\/\\\/voshaaroutdoor.com\\\/wp-content\\\/uploads\\\/2023\\\/05\\\/283540778_415385210593771_3276460483903211780_n-2.jpg\",\"width\":879,\"height\":380},{\"@type\":\"BreadcrumbList\",\"@id\":\"https:\\\/\\\/voshaaroutdoor.com\\\/vogels-europa\\\/#breadcrumb\",\"itemListElement\":[{\"@type\":\"ListItem\",\"position\":1,\"name\":\"Home\",\"item\":\"https:\\\/\\\/voshaaroutdoor.com\\\/\"},{\"@type\":\"ListItem\",\"position\":2,\"name\":\"Vogels Europa\"}]},{\"@type\":\"WebSite\",\"@id\":\"https:\\\/\\\/voshaaroutdoor.com\\\/#website\",\"url\":\"https:\\\/\\\/voshaaroutdoor.com\\\/\",\"name\":\"VoshaarOutdoor.com\",\"description\":\"Voshaar Outdoor &amp; Education - Trainingen, cursussen en opleidingen\",\"publisher\":{\"@id\":\"https:\\\/\\\/voshaaroutdoor.com\\\/#organization\"},\"potentialAction\":[{\"@type\":\"SearchAction\",\"target\":{\"@type\":\"EntryPoint\",\"urlTemplate\":\"https:\\\/\\\/voshaaroutdoor.com\\\/?s={search_term_string}\"},\"query-input\":{\"@type\":\"PropertyValueSpecification\",\"valueRequired\":true,\"valueName\":\"search_term_string\"}}],\"inLanguage\":\"es\"},{\"@type\":\"Organization\",\"@id\":\"https:\\\/\\\/voshaaroutdoor.com\\\/#organization\",\"name\":\"Voshaar Outdoor & Education\",\"url\":\"https:\\\/\\\/voshaaroutdoor.com\\\/\",\"logo\":{\"@type\":\"ImageObject\",\"inLanguage\":\"es\",\"@id\":\"https:\\\/\\\/voshaaroutdoor.com\\\/#\\\/schema\\\/logo\\\/image\\\/\",\"url\":\"https:\\\/\\\/voshaaroutdoor.com\\\/wp-content\\\/uploads\\\/2021\\\/11\\\/cropped-nieuwe-logo-rood.png\",\"contentUrl\":\"https:\\\/\\\/voshaaroutdoor.com\\\/wp-content\\\/uploads\\\/2021\\\/11\\\/cropped-nieuwe-logo-rood.png\",\"width\":512,\"height\":512,\"caption\":\"Voshaar Outdoor & Education\"},\"image\":{\"@id\":\"https:\\\/\\\/voshaaroutdoor.com\\\/#\\\/schema\\\/logo\\\/image\\\/\"},\"sameAs\":[\"https:\\\/\\\/www.facebook.com\\\/VoshaarOutdoorandEducation\",\"https:\\\/\\\/www.instagram.com\\\/voshaaroutdoorandeducation\\\/\"]}]}<\/script>\n<!-- \/ Yoast SEO plugin. -->","yoast_head_json":{"title":"Aves de Europa - VoshaarOutdoor.com","robots":{"index":"index","follow":"follow","max-snippet":"max-snippet:-1","max-image-preview":"max-image-preview:large","max-video-preview":"max-video-preview:-1"},"canonical":"https:\/\/voshaaroutdoor.com\/es\/vogels-europa\/","og_locale":"es_ES","og_type":"article","og_title":"Vogelreizen Europa","og_url":"https:\/\/voshaaroutdoor.com\/es\/vogels-europa\/","og_site_name":"VoshaarOutdoor.com","article_publisher":"https:\/\/www.facebook.com\/VoshaarOutdoorandEducation","article_modified_time":"2025-08-06T06:51:07+00:00","og_image":[{"width":879,"height":380,"url":"https:\/\/voshaaroutdoor.com\/wp-content\/uploads\/2023\/05\/283540778_415385210593771_3276460483903211780_n-2.jpg","type":"image\/jpeg"}],"twitter_card":"summary_large_image","twitter_misc":{"Tiempo de lectura":"3 minutos"},"schema":{"@context":"https:\/\/schema.org","@graph":[{"@type":"WebPage","@id":"https:\/\/voshaaroutdoor.com\/vogels-europa\/","url":"https:\/\/voshaaroutdoor.com\/vogels-europa\/","name":"Aves de Europa - VoshaarOutdoor.com","isPartOf":{"@id":"https:\/\/voshaaroutdoor.com\/#website"},"primaryImageOfPage":{"@id":"https:\/\/voshaaroutdoor.com\/vogels-europa\/#primaryimage"},"image":{"@id":"https:\/\/voshaaroutdoor.com\/vogels-europa\/#primaryimage"},"thumbnailUrl":"https:\/\/voshaaroutdoor.com\/wp-content\/uploads\/2023\/05\/283540778_415385210593771_3276460483903211780_n-2.jpg","datePublished":"2023-05-10T07:49:49+00:00","dateModified":"2025-08-06T06:51:07+00:00","breadcrumb":{"@id":"https:\/\/voshaaroutdoor.com\/vogels-europa\/#breadcrumb"},"inLanguage":"es","potentialAction":[{"@type":"ReadAction","target":["https:\/\/voshaaroutdoor.com\/vogels-europa\/"]}]},{"@type":"ImageObject","inLanguage":"es","@id":"https:\/\/voshaaroutdoor.com\/vogels-europa\/#primaryimage","url":"https:\/\/voshaaroutdoor.com\/wp-content\/uploads\/2023\/05\/283540778_415385210593771_3276460483903211780_n-2.jpg","contentUrl":"https:\/\/voshaaroutdoor.com\/wp-content\/uploads\/2023\/05\/283540778_415385210593771_3276460483903211780_n-2.jpg","width":879,"height":380},{"@type":"BreadcrumbList","@id":"https:\/\/voshaaroutdoor.com\/vogels-europa\/#breadcrumb","itemListElement":[{"@type":"ListItem","position":1,"name":"Home","item":"https:\/\/voshaaroutdoor.com\/"},{"@type":"ListItem","position":2,"name":"Vogels Europa"}]},{"@type":"WebSite","@id":"https:\/\/voshaaroutdoor.com\/#website","url":"https:\/\/voshaaroutdoor.com\/","name":"VoshaarOutdoor.com","description":"Voshaar Outdoor &amp; Education - Capacitaciones, cursos y educaci\u00f3n","publisher":{"@id":"https:\/\/voshaaroutdoor.com\/#organization"},"potentialAction":[{"@type":"SearchAction","target":{"@type":"EntryPoint","urlTemplate":"https:\/\/voshaaroutdoor.com\/?s={search_term_string}"},"query-input":{"@type":"PropertyValueSpecification","valueRequired":true,"valueName":"search_term_string"}}],"inLanguage":"es"},{"@type":"Organization","@id":"https:\/\/voshaaroutdoor.com\/#organization","name":"Voshaar Actividades al aire libre y educaci\u00f3n","url":"https:\/\/voshaaroutdoor.com\/","logo":{"@type":"ImageObject","inLanguage":"es","@id":"https:\/\/voshaaroutdoor.com\/#\/schema\/logo\/image\/","url":"https:\/\/voshaaroutdoor.com\/wp-content\/uploads\/2021\/11\/cropped-nieuwe-logo-rood.png","contentUrl":"https:\/\/voshaaroutdoor.com\/wp-content\/uploads\/2021\/11\/cropped-nieuwe-logo-rood.png","width":512,"height":512,"caption":"Voshaar Outdoor & Education"},"image":{"@id":"https:\/\/voshaaroutdoor.com\/#\/schema\/logo\/image\/"},"sameAs":["https:\/\/www.facebook.com\/VoshaarOutdoorandEducation","https:\/\/www.instagram.com\/voshaaroutdoorandeducation\/"]}]}},"_links":{"self":[{"href":"https:\/\/voshaaroutdoor.com\/es\/wp-json\/wp\/v2\/pages\/6238","targetHints":{"allow":["GET"]}}],"collection":[{"href":"https:\/\/voshaaroutdoor.com\/es\/wp-json\/wp\/v2\/pages"}],"about":[{"href":"https:\/\/voshaaroutdoor.com\/es\/wp-json\/wp\/v2\/types\/page"}],"author":[{"embeddable":true,"href":"https:\/\/voshaaroutdoor.com\/es\/wp-json\/wp\/v2\/users\/4"}],"replies":[{"embeddable":true,"href":"https:\/\/voshaaroutdoor.com\/es\/wp-json\/wp\/v2\/comments?post=6238"}],"version-history":[{"count":29,"href":"https:\/\/voshaaroutdoor.com\/es\/wp-json\/wp\/v2\/pages\/6238\/revisions"}],"predecessor-version":[{"id":7559,"href":"https:\/\/voshaaroutdoor.com\/es\/wp-json\/wp\/v2\/pages\/6238\/revisions\/7559"}],"wp:featuredmedia":[{"embeddable":true,"href":"https:\/\/voshaaroutdoor.com\/es\/wp-json\/wp\/v2\/media\/6239"}],"wp:attachment":[{"href":"https:\/\/voshaaroutdoor.com\/es\/wp-json\/wp\/v2\/media?parent=6238"}],"curies":[{"name":"gracias","href":"https:\/\/api.w.org\/{rel}","templated":true}]}}